{"id":10210,"date":"2023-04-05T21:41:56","date_gmt":"2023-04-06T00:41:56","guid":{"rendered":"https:\/\/feiradoautomoveldovale.com.br\/?page_id=10210"},"modified":"2023-04-11T05:18:15","modified_gmt":"2023-04-11T08:18:15","slug":"inspecao","status":"publish","type":"page","link":"https:\/\/feiradoautomoveldovale.com.br\/?page_id=10210","title":{"rendered":"Inspe\u00e7\u00e3o"},"content":{"rendered":"\t\t<div data-elementor-type=\"wp-page\" data-elementor-id=\"10210\" class=\"elementor elementor-10210\" data-elementor-post-type=\"page\">\n\t\t\t\t\t\t<div class=\"elementor-inner\">\n\t\t\t\t<div class=\"elementor-section-wrap\">\n\t\t\t\t\t\t\t\t\t<section class=\"has_eae_slider elementor-section elementor-top-section elementor-element elementor-element-2820b0e elementor-section-stretched elementor-section-boxed elementor-section-height-default elementor-section-height-default wpr-particle-no wpr-jarallax-no wpr-parallax-no wpr-sticky-section-no\" data-id=\"2820b0e\" data-element_type=\"section\" data-settings=\"{&quot;stretch_section&quot;:&quot;section-stretched&quot;,&quot;_ha_eqh_enable&quot;:false}\">\n\t\t\t\t\t\t<div class=\"elementor-container elementor-column-gap-default\">\n\t\t\t\t\t\t\t<div class=\"elementor-row\">\n\t\t\t\t\t<div class=\"has_eae_slider elementor-column elementor-col-100 elementor-top-column elementor-element elementor-element-73fbe1e\" data-id=\"73fbe1e\" data-element_type=\"column\">\n\t\t\t<div class=\"elementor-column-wrap elementor-element-populated\">\n\t\t\t\t\t\t\t<div class=\"elementor-widget-wrap\">\n\t\t\t\t\t\t<div class=\"elementor-element elementor-element-5fa1056 elementor-widget elementor-widget-image\" data-id=\"5fa1056\" data-element_type=\"widget\" data-widget_type=\"image.default\">\n\t\t\t\t<div class=\"elementor-widget-container\">\n\t\t\t<style>\/*! elementor - v3.14.0 - 18-06-2023 *\/\n.elementor-widget-image{text-align:center}.elementor-widget-image a{display:inline-block}.elementor-widget-image a img[src$=\".svg\"]{width:48px}.elementor-widget-image img{vertical-align:middle;display:inline-block}<\/style>\t\t\t\t\t<div class=\"elementor-image\">\n\t\t\t\t\t\t\t\t\t\t\t\t<img loading=\"lazy\" decoding=\"async\" width=\"820\" height=\"312\" src=\"https:\/\/feiradoautomoveldovale.com.br\/wp-content\/uploads\/2023\/04\/1-1.png\" class=\"attachment-full size-full wp-image-9513\" alt=\"\" srcset=\"https:\/\/feiradoautomoveldovale.com.br\/wp-content\/uploads\/2023\/04\/1-1.png 820w, https:\/\/feiradoautomoveldovale.com.br\/wp-content\/uploads\/2023\/04\/1-1-300x114.png 300w, https:\/\/feiradoautomoveldovale.com.br\/wp-content\/uploads\/2023\/04\/1-1-768x292.png 768w, https:\/\/feiradoautomoveldovale.com.br\/wp-content\/uploads\/2023\/04\/1-1-150x57.png 150w, https:\/\/feiradoautomoveldovale.com.br\/wp-content\/uploads\/2023\/04\/1-1-710x270.png 710w, https:\/\/feiradoautomoveldovale.com.br\/wp-content\/uploads\/2023\/04\/1-1-600x228.png 600w\" sizes=\"(max-width: 820px) 100vw, 820px\" \/>\t\t\t\t\t\t\t\t\t\t\t\t\t\t<\/div>\n\t\t\t\t\t\t<\/div>\n\t\t\t\t<\/div>\n\t\t\t\t\t\t<\/div>\n\t\t\t\t\t<\/div>\n\t\t<\/div>\n\t\t\t\t\t\t\t\t<\/div>\n\t\t\t\t\t<\/div>\n\t\t<\/section>\n\t\t\t\t<section class=\"has_eae_slider elementor-section elementor-top-section elementor-element elementor-element-c2587af elementor-section-boxed elementor-section-height-default elementor-section-height-default wpr-particle-no wpr-jarallax-no wpr-parallax-no wpr-sticky-section-no\" data-id=\"c2587af\" data-element_type=\"section\" data-settings=\"{&quot;background_background&quot;:&quot;gradient&quot;,&quot;_ha_eqh_enable&quot;:false}\">\n\t\t\t\t\t\t<div class=\"elementor-container elementor-column-gap-default\">\n\t\t\t\t\t\t\t<div class=\"elementor-row\">\n\t\t\t\t\t<div class=\"has_eae_slider elementor-column elementor-col-100 elementor-top-column elementor-element elementor-element-cf10976\" data-id=\"cf10976\" data-element_type=\"column\">\n\t\t\t<div class=\"elementor-column-wrap elementor-element-populated\">\n\t\t\t\t\t\t\t<div class=\"elementor-widget-wrap\">\n\t\t\t\t\t\t<div class=\"elementor-element elementor-element-91d0815 elementor-headline--style-highlight elementor-widget elementor-widget-animated-headline\" data-id=\"91d0815\" data-element_type=\"widget\" data-settings=\"{&quot;highlighted_text&quot;:&quot;Inspe\\u00e7\\u00e3o&quot;,&quot;headline_style&quot;:&quot;highlight&quot;,&quot;marker&quot;:&quot;circle&quot;,&quot;loop&quot;:&quot;yes&quot;,&quot;highlight_animation_duration&quot;:1200,&quot;highlight_iteration_delay&quot;:8000}\" data-widget_type=\"animated-headline.default\">\n\t\t\t\t<div class=\"elementor-widget-container\">\n\t\t\t<link rel=\"stylesheet\" href=\"https:\/\/feiradoautomoveldovale.com.br\/wp-content\/plugins\/elementor-pro\/assets\/css\/widget-animated-headline.min.css\">\t\t<h3 class=\"elementor-headline\">\n\t\t\t\t\t<span class=\"elementor-headline-plain-text elementor-headline-text-wrapper\">Devo Fazer <\/span>\n\t\t\t\t<span class=\"elementor-headline-dynamic-wrapper elementor-headline-text-wrapper\">\n\t\t\t\t\t<span class=\"elementor-headline-dynamic-text elementor-headline-text-active\">Inspe\u00e7\u00e3o<\/span>\n\t\t\t\t<\/span>\n\t\t\t\t\t<span class=\"elementor-headline-plain-text elementor-headline-text-wrapper\">de Venda ?<\/span>\n\t\t\t\t\t<\/h3>\n\t\t\t\t<\/div>\n\t\t\t\t<\/div>\n\t\t\t\t<div class=\"elementor-element elementor-element-e54004f elementor-widget elementor-widget-text-editor\" data-id=\"e54004f\" data-element_type=\"widget\" data-widget_type=\"text-editor.default\">\n\t\t\t\t<div class=\"elementor-widget-container\">\n\t\t\t<style>\/*! elementor - v3.14.0 - 18-06-2023 *\/\n.elementor-widget-text-editor.elementor-drop-cap-view-stacked .elementor-drop-cap{background-color:#69727d;color:#fff}.elementor-widget-text-editor.elementor-drop-cap-view-framed .elementor-drop-cap{color:#69727d;border:3px solid;background-color:transparent}.elementor-widget-text-editor:not(.elementor-drop-cap-view-default) .elementor-drop-cap{margin-top:8px}.elementor-widget-text-editor:not(.elementor-drop-cap-view-default) .elementor-drop-cap-letter{width:1em;height:1em}.elementor-widget-text-editor .elementor-drop-cap{float:left;text-align:center;line-height:1;font-size:50px}.elementor-widget-text-editor .elementor-drop-cap-letter{display:inline-block}<\/style>\t\t\t\t\t<div class=\"elementor-text-editor elementor-clearfix\">\n\t\t\t\t<p style=\"text-align: center;\">de mais confian\u00e7a e seguran\u00e7a ao comprador\u00a0<\/p>\t\t\t\t\t<\/div>\n\t\t\t\t\t\t<\/div>\n\t\t\t\t<\/div>\n\t\t\t\t\t\t<\/div>\n\t\t\t\t\t<\/div>\n\t\t<\/div>\n\t\t\t\t\t\t\t\t<\/div>\n\t\t\t\t\t<\/div>\n\t\t<\/section>\n\t\t\t\t<section class=\"has_eae_slider elementor-section elementor-top-section elementor-element elementor-element-4da110b elementor-section-boxed elementor-section-height-default elementor-section-height-default wpr-particle-no wpr-jarallax-no wpr-parallax-no wpr-sticky-section-no\" data-id=\"4da110b\" data-element_type=\"section\" data-settings=\"{&quot;background_background&quot;:&quot;gradient&quot;,&quot;_ha_eqh_enable&quot;:false}\">\n\t\t\t\t\t\t<div class=\"elementor-container elementor-column-gap-default\">\n\t\t\t\t\t\t\t<div class=\"elementor-row\">\n\t\t\t\t\t<div class=\"has_eae_slider elementor-column elementor-col-33 elementor-top-column elementor-element elementor-element-ebc5118\" data-id=\"ebc5118\" data-element_type=\"column\">\n\t\t\t<div class=\"elementor-column-wrap elementor-element-populated\">\n\t\t\t\t\t\t\t<div class=\"elementor-widget-wrap\">\n\t\t\t\t\t\t<div class=\"elementor-element elementor-element-12a6196 elementor-position-left elementor-view-default elementor-mobile-position-top elementor-vertical-align-top elementor-widget elementor-widget-icon-box\" data-id=\"12a6196\" data-element_type=\"widget\" data-widget_type=\"icon-box.default\">\n\t\t\t\t<div class=\"elementor-widget-container\">\n\t\t\t<link rel=\"stylesheet\" href=\"https:\/\/feiradoautomoveldovale.com.br\/wp-content\/plugins\/elementor\/assets\/css\/widget-icon-box.min.css\">\t\t<div class=\"elementor-icon-box-wrapper\">\n\t\t\t\t\t\t<div class=\"elementor-icon-box-icon\">\n\t\t\t\t<span class=\"elementor-icon elementor-animation-\" >\n\t\t\t\t<i aria-hidden=\"true\" class=\"fab fa-500px\"><\/i>\t\t\t\t<\/span>\n\t\t\t<\/div>\n\t\t\t\t\t\t<div class=\"elementor-icon-box-content\">\n\t\t\t\t<h3 class=\"elementor-icon-box-title\">\n\t\t\t\t\t<span  >\n\t\t\t\t\t\tPorque Fazer Inspe\u00e7\u00e3o\t\t\t\t\t<\/span>\n\t\t\t\t<\/h3>\n\t\t\t\t\t\t\t\t\t<p class=\"elementor-icon-box-description\">\n\t\t\t\t\t\tNa hora de comprar o seu carro \u00e9 preciso saber sua total proced\u00eancia. \t\t\t\t\t<\/p>\n\t\t\t\t\t\t\t<\/div>\n\t\t<\/div>\n\t\t\t\t<\/div>\n\t\t\t\t<\/div>\n\t\t\t\t<div class=\"elementor-element elementor-element-40099d7 elementor-position-left elementor-view-default elementor-mobile-position-top elementor-vertical-align-top elementor-widget elementor-widget-icon-box\" data-id=\"40099d7\" data-element_type=\"widget\" data-widget_type=\"icon-box.default\">\n\t\t\t\t<div class=\"elementor-widget-container\">\n\t\t\t\t\t<div class=\"elementor-icon-box-wrapper\">\n\t\t\t\t\t\t<div class=\"elementor-icon-box-icon\">\n\t\t\t\t<span class=\"elementor-icon elementor-animation-\" >\n\t\t\t\t<i aria-hidden=\"true\" class=\"fab fa-codepen\"><\/i>\t\t\t\t<\/span>\n\t\t\t<\/div>\n\t\t\t\t\t\t<div class=\"elementor-icon-box-content\">\n\t\t\t\t<h3 class=\"elementor-icon-box-title\">\n\t\t\t\t\t<span  >\n\t\t\t\t\t\tDevo Fazer Inspe\u00e7\u00e3o<br>na venda ?<br>\t\t\t\t\t<\/span>\n\t\t\t\t<\/h3>\n\t\t\t\t\t\t\t\t\t<p class=\"elementor-icon-box-description\">\n\t\t\t\t\t\tSim na hora de vender voce deve fazer vistoria para se garantir de poss\u00edveis fraudes.\t\t\t\t\t<\/p>\n\t\t\t\t\t\t\t<\/div>\n\t\t<\/div>\n\t\t\t\t<\/div>\n\t\t\t\t<\/div>\n\t\t\t\t<div class=\"elementor-element elementor-element-85efeba elementor-position-left elementor-view-default elementor-mobile-position-top elementor-vertical-align-top elementor-widget elementor-widget-icon-box\" data-id=\"85efeba\" data-element_type=\"widget\" data-widget_type=\"icon-box.default\">\n\t\t\t\t<div class=\"elementor-widget-container\">\n\t\t\t\t\t<div class=\"elementor-icon-box-wrapper\">\n\t\t\t\t\t\t<div class=\"elementor-icon-box-icon\">\n\t\t\t\t<span class=\"elementor-icon elementor-animation-\" >\n\t\t\t\t<i aria-hidden=\"true\" class=\"fas fa-assistive-listening-systems\"><\/i>\t\t\t\t<\/span>\n\t\t\t<\/div>\n\t\t\t\t\t\t<div class=\"elementor-icon-box-content\">\n\t\t\t\t<h3 class=\"elementor-icon-box-title\">\n\t\t\t\t\t<span  >\n\t\t\t\t\t\tDevo fazer Inspe\u00e7\u00e3o na hora da compra ?\t\t\t\t\t<\/span>\n\t\t\t\t<\/h3>\n\t\t\t\t\t\t\t\t\t<p class=\"elementor-icon-box-description\">\n\t\t\t\t\t\tSim na hora de comprar o veiculo voce deve fazer sua pr\u00f3pria  vistoria\t\t\t\t\t<\/p>\n\t\t\t\t\t\t\t<\/div>\n\t\t<\/div>\n\t\t\t\t<\/div>\n\t\t\t\t<\/div>\n\t\t\t\t\t\t<\/div>\n\t\t\t\t\t<\/div>\n\t\t<\/div>\n\t\t\t\t<div class=\"has_eae_slider elementor-column elementor-col-33 elementor-top-column elementor-element elementor-element-530f852\" data-id=\"530f852\" data-element_type=\"column\">\n\t\t\t<div class=\"elementor-column-wrap elementor-element-populated\">\n\t\t\t\t\t\t\t<div class=\"elementor-widget-wrap\">\n\t\t\t\t\t\t<div class=\"elementor-element elementor-element-6d5a9b7 elementor-widget__width-inherit elementor-widget elementor-widget-image\" data-id=\"6d5a9b7\" data-element_type=\"widget\" data-settings=\"{&quot;_animation&quot;:&quot;none&quot;,&quot;_animation_delay&quot;:0}\" data-widget_type=\"image.default\">\n\t\t\t\t<div class=\"elementor-widget-container\">\n\t\t\t\t\t\t\t\t<div class=\"elementor-image\">\n\t\t\t\t\t\t\t\t\t\t\t\t<img loading=\"lazy\" decoding=\"async\" width=\"684\" height=\"650\" src=\"https:\/\/feiradoautomoveldovale.com.br\/wp-content\/uploads\/2023\/04\/carrovistoria-1-e1680552917376.png\" class=\"attachment-full size-full wp-image-9449\" alt=\"\" srcset=\"https:\/\/feiradoautomoveldovale.com.br\/wp-content\/uploads\/2023\/04\/carrovistoria-1-e1680552917376.png 684w, https:\/\/feiradoautomoveldovale.com.br\/wp-content\/uploads\/2023\/04\/carrovistoria-1-e1680552917376-300x285.png 300w, https:\/\/feiradoautomoveldovale.com.br\/wp-content\/uploads\/2023\/04\/carrovistoria-1-e1680552917376-150x143.png 150w, https:\/\/feiradoautomoveldovale.com.br\/wp-content\/uploads\/2023\/04\/carrovistoria-1-e1680552917376-600x570.png 600w\" sizes=\"(max-width: 684px) 100vw, 684px\" \/>\t\t\t\t\t\t\t\t\t\t\t\t\t\t<\/div>\n\t\t\t\t\t\t<\/div>\n\t\t\t\t<\/div>\n\t\t\t\t\t\t<\/div>\n\t\t\t\t\t<\/div>\n\t\t<\/div>\n\t\t\t\t<div class=\"has_eae_slider elementor-column elementor-col-33 elementor-top-column elementor-element elementor-element-8b13c76\" data-id=\"8b13c76\" data-element_type=\"column\">\n\t\t\t<div class=\"elementor-column-wrap elementor-element-populated\">\n\t\t\t\t\t\t\t<div class=\"elementor-widget-wrap\">\n\t\t\t\t\t\t<div class=\"elementor-element elementor-element-20c0898 elementor-position-right elementor-view-default elementor-mobile-position-top elementor-vertical-align-top elementor-widget elementor-widget-icon-box\" data-id=\"20c0898\" data-element_type=\"widget\" data-widget_type=\"icon-box.default\">\n\t\t\t\t<div class=\"elementor-widget-container\">\n\t\t\t\t\t<div class=\"elementor-icon-box-wrapper\">\n\t\t\t\t\t\t<div class=\"elementor-icon-box-icon\">\n\t\t\t\t<span class=\"elementor-icon elementor-animation-\" >\n\t\t\t\t<i aria-hidden=\"true\" class=\"fas fa-flag-checkered\"><\/i>\t\t\t\t<\/span>\n\t\t\t<\/div>\n\t\t\t\t\t\t<div class=\"elementor-icon-box-content\">\n\t\t\t\t<h3 class=\"elementor-icon-box-title\">\n\t\t\t\t\t<span  >\n\t\t\t\t\t\tNa  Inspe\u00e7\u00e3o consigo ver se o carro \u00e9 de Leil\u00e3o ?\t\t\t\t\t<\/span>\n\t\t\t\t<\/h3>\n\t\t\t\t\t\t\t\t\t<p class=\"elementor-icon-box-description\">\n\t\t\t\t\t\tSim consegue ter todo o hist\u00f3rico do ve\u00edculo \t\t\t\t\t<\/p>\n\t\t\t\t\t\t\t<\/div>\n\t\t<\/div>\n\t\t\t\t<\/div>\n\t\t\t\t<\/div>\n\t\t\t\t<div class=\"elementor-element elementor-element-3fdd2b2 elementor-position-right elementor-view-default elementor-mobile-position-top elementor-vertical-align-top elementor-widget elementor-widget-icon-box\" data-id=\"3fdd2b2\" data-element_type=\"widget\" data-widget_type=\"icon-box.default\">\n\t\t\t\t<div class=\"elementor-widget-container\">\n\t\t\t\t\t<div class=\"elementor-icon-box-wrapper\">\n\t\t\t\t\t\t<div class=\"elementor-icon-box-icon\">\n\t\t\t\t<span class=\"elementor-icon elementor-animation-\" >\n\t\t\t\t<i aria-hidden=\"true\" class=\"far fa-calendar-check\"><\/i>\t\t\t\t<\/span>\n\t\t\t<\/div>\n\t\t\t\t\t\t<div class=\"elementor-icon-box-content\">\n\t\t\t\t<h3 class=\"elementor-icon-box-title\">\n\t\t\t\t\t<span  >\n\t\t\t\t\t\tNa Inspe\u00e7\u00e3o consigo ver se ja foi batido ou teve sinistro ?\t\t\t\t\t<\/span>\n\t\t\t\t<\/h3>\n\t\t\t\t\t\t\t\t\t<p class=\"elementor-icon-box-description\">\n\t\t\t\t\t\tSim voce consegue ver se o carro j\u00e1 teve algum sinistro ou ocorr\u00eancias de uso de seguro inclusive com enchentes\t\t\t\t\t<\/p>\n\t\t\t\t\t\t\t<\/div>\n\t\t<\/div>\n\t\t\t\t<\/div>\n\t\t\t\t<\/div>\n\t\t\t\t<div class=\"elementor-element elementor-element-e61657f elementor-position-right elementor-view-default elementor-mobile-position-top elementor-vertical-align-top elementor-widget elementor-widget-icon-box\" data-id=\"e61657f\" data-element_type=\"widget\" data-widget_type=\"icon-box.default\">\n\t\t\t\t<div class=\"elementor-widget-container\">\n\t\t\t\t\t<div class=\"elementor-icon-box-wrapper\">\n\t\t\t\t\t\t<div class=\"elementor-icon-box-icon\">\n\t\t\t\t<span class=\"elementor-icon elementor-animation-\" >\n\t\t\t\t<i aria-hidden=\"true\" class=\"far fa-bell-slash\"><\/i>\t\t\t\t<\/span>\n\t\t\t<\/div>\n\t\t\t\t\t\t<div class=\"elementor-icon-box-content\">\n\t\t\t\t<h3 class=\"elementor-icon-box-title\">\n\t\t\t\t\t<span  >\n\t\t\t\t\t\tNa  Inspe\u00e7\u00e3o consigo ver se o carro j\u00e1 foi roubado ?\t\t\t\t\t<\/span>\n\t\t\t\t<\/h3>\n\t\t\t\t\t\t\t\t\t<p class=\"elementor-icon-box-description\">\n\t\t\t\t\t\tSim voce consegue ver se o carro tem passagem por roubo  ou furto\t\t\t\t\t<\/p>\n\t\t\t\t\t\t\t<\/div>\n\t\t<\/div>\n\t\t\t\t<\/div>\n\t\t\t\t<\/div>\n\t\t\t\t\t\t<\/div>\n\t\t\t\t\t<\/div>\n\t\t<\/div>\n\t\t\t\t\t\t\t\t<\/div>\n\t\t\t\t\t<\/div>\n\t\t<\/section>\n\t\t\t\t<section class=\"has_eae_slider elementor-section elementor-top-section elementor-element elementor-element-7b92c47 elementor-section-boxed elementor-section-height-default elementor-section-height-default wpr-particle-no wpr-jarallax-no wpr-parallax-no wpr-sticky-section-no\" data-id=\"7b92c47\" data-element_type=\"section\" data-settings=\"{&quot;_ha_eqh_enable&quot;:false}\">\n\t\t\t\t\t\t<div class=\"elementor-container elementor-column-gap-default\">\n\t\t\t\t\t\t\t<div class=\"elementor-row\">\n\t\t\t\t\t<div class=\"has_eae_slider elementor-column elementor-col-100 elementor-top-column elementor-element elementor-element-13504a8\" data-id=\"13504a8\" data-element_type=\"column\">\n\t\t\t<div class=\"elementor-column-wrap\">\n\t\t\t\t\t\t\t<div class=\"elementor-widget-wrap\">\n\t\t\t\t\t\t\t\t<\/div>\n\t\t\t\t\t<\/div>\n\t\t<\/div>\n\t\t\t\t\t\t\t\t<\/div>\n\t\t\t\t\t<\/div>\n\t\t<\/section>\n\t\t\t\t<section class=\"has_eae_slider elementor-section elementor-top-section elementor-element elementor-element-d991a9b elementor-hidden-desktop elementor-section-boxed elementor-section-height-default elementor-section-height-default wpr-particle-no wpr-jarallax-no wpr-parallax-no wpr-sticky-section-no\" data-id=\"d991a9b\" data-element_type=\"section\" data-settings=\"{&quot;background_background&quot;:&quot;gradient&quot;,&quot;_ha_eqh_enable&quot;:false}\">\n\t\t\t\t\t\t<div class=\"elementor-container elementor-column-gap-default\">\n\t\t\t\t\t\t\t<div class=\"elementor-row\">\n\t\t\t\t\t<div class=\"has_eae_slider elementor-column elementor-col-33 elementor-top-column elementor-element elementor-element-1914b99\" data-id=\"1914b99\" data-element_type=\"column\">\n\t\t\t<div class=\"elementor-column-wrap elementor-element-populated\">\n\t\t\t\t\t\t\t<div class=\"elementor-widget-wrap\">\n\t\t\t\t\t\t<div class=\"elementor-element elementor-element-1c7bd97 elementor-widget elementor-widget-image\" data-id=\"1c7bd97\" data-element_type=\"widget\" data-widget_type=\"image.default\">\n\t\t\t\t<div class=\"elementor-widget-container\">\n\t\t\t\t\t\t\t\t<div class=\"elementor-image\">\n\t\t\t\t\t\t\t\t\t\t\t\t<img loading=\"lazy\" decoding=\"async\" width=\"300\" height=\"93\" src=\"https:\/\/feiradoautomoveldovale.com.br\/wp-content\/uploads\/2023\/04\/logo-safy-com-autocredcar-e1680741647529-300x93.png\" class=\"attachment-medium size-medium wp-image-10214\" alt=\"\" srcset=\"https:\/\/feiradoautomoveldovale.com.br\/wp-content\/uploads\/2023\/04\/logo-safy-com-autocredcar-e1680741647529-300x93.png 300w, https:\/\/feiradoautomoveldovale.com.br\/wp-content\/uploads\/2023\/04\/logo-safy-com-autocredcar-e1680741647529-150x47.png 150w, https:\/\/feiradoautomoveldovale.com.br\/wp-content\/uploads\/2023\/04\/logo-safy-com-autocredcar-e1680741647529-600x187.png 600w, https:\/\/feiradoautomoveldovale.com.br\/wp-content\/uploads\/2023\/04\/logo-safy-com-autocredcar-e1680741647529.png 633w\" sizes=\"(max-width: 300px) 100vw, 300px\" \/>\t\t\t\t\t\t\t\t\t\t\t\t\t\t<\/div>\n\t\t\t\t\t\t<\/div>\n\t\t\t\t<\/div>\n\t\t\t\t\t\t<\/div>\n\t\t\t\t\t<\/div>\n\t\t<\/div>\n\t\t\t\t<div class=\"has_eae_slider elementor-column elementor-col-33 elementor-top-column elementor-element elementor-element-c6cc9c5\" data-id=\"c6cc9c5\" data-element_type=\"column\">\n\t\t\t<div class=\"elementor-column-wrap elementor-element-populated\">\n\t\t\t\t\t\t\t<div class=\"elementor-widget-wrap\">\n\t\t\t\t\t\t<div class=\"elementor-element elementor-element-ad9cffb elementor-widget elementor-widget-image\" data-id=\"ad9cffb\" data-element_type=\"widget\" data-widget_type=\"image.default\">\n\t\t\t\t<div class=\"elementor-widget-container\">\n\t\t\t\t\t\t\t\t<div class=\"elementor-image\">\n\t\t\t\t\t\t\t\t\t\t\t\t<img loading=\"lazy\" decoding=\"async\" width=\"300\" height=\"107\" src=\"https:\/\/feiradoautomoveldovale.com.br\/wp-content\/uploads\/2023\/04\/logo-safy-com-autocredcar-1-e1680741715487-300x107.png\" class=\"attachment-medium size-medium wp-image-10215\" alt=\"\" srcset=\"https:\/\/feiradoautomoveldovale.com.br\/wp-content\/uploads\/2023\/04\/logo-safy-com-autocredcar-1-e1680741715487-300x107.png 300w, https:\/\/feiradoautomoveldovale.com.br\/wp-content\/uploads\/2023\/04\/logo-safy-com-autocredcar-1-e1680741715487-1024x366.png 1024w, https:\/\/feiradoautomoveldovale.com.br\/wp-content\/uploads\/2023\/04\/logo-safy-com-autocredcar-1-e1680741715487-768x275.png 768w, https:\/\/feiradoautomoveldovale.com.br\/wp-content\/uploads\/2023\/04\/logo-safy-com-autocredcar-1-e1680741715487-1536x549.png 1536w, https:\/\/feiradoautomoveldovale.com.br\/wp-content\/uploads\/2023\/04\/logo-safy-com-autocredcar-1-e1680741715487-150x54.png 150w, https:\/\/feiradoautomoveldovale.com.br\/wp-content\/uploads\/2023\/04\/logo-safy-com-autocredcar-1-e1680741715487-710x254.png 710w, https:\/\/feiradoautomoveldovale.com.br\/wp-content\/uploads\/2023\/04\/logo-safy-com-autocredcar-1-e1680741715487-600x215.png 600w, https:\/\/feiradoautomoveldovale.com.br\/wp-content\/uploads\/2023\/04\/logo-safy-com-autocredcar-1-e1680741715487.png 2027w\" sizes=\"(max-width: 300px) 100vw, 300px\" \/>\t\t\t\t\t\t\t\t\t\t\t\t\t\t<\/div>\n\t\t\t\t\t\t<\/div>\n\t\t\t\t<\/div>\n\t\t\t\t\t\t<\/div>\n\t\t\t\t\t<\/div>\n\t\t<\/div>\n\t\t\t\t<div class=\"has_eae_slider elementor-column elementor-col-33 elementor-top-column elementor-element elementor-element-250d04a\" data-id=\"250d04a\" data-element_type=\"column\">\n\t\t\t<div class=\"elementor-column-wrap elementor-element-populated\">\n\t\t\t\t\t\t\t<div class=\"elementor-widget-wrap\">\n\t\t\t\t\t\t<div class=\"elementor-element elementor-element-49d1491 elementor-widget elementor-widget-image\" data-id=\"49d1491\" data-element_type=\"widget\" data-widget_type=\"image.default\">\n\t\t\t\t<div class=\"elementor-widget-container\">\n\t\t\t\t\t\t\t\t<div class=\"elementor-image\">\n\t\t\t\t\t\t\t\t\t\t\t\t\t<a href=\"https:\/\/www.terceiravisao.com\">\n\t\t\t\t\t\t\t<img loading=\"lazy\" decoding=\"async\" width=\"300\" height=\"150\" src=\"https:\/\/feiradoautomoveldovale.com.br\/wp-content\/uploads\/2023\/03\/a966fe1649c11e8aaf51b2229d29d7e7-300x150.png\" class=\"attachment-medium size-medium wp-image-8491\" alt=\"\" srcset=\"https:\/\/feiradoautomoveldovale.com.br\/wp-content\/uploads\/2023\/03\/a966fe1649c11e8aaf51b2229d29d7e7-300x150.png 300w, https:\/\/feiradoautomoveldovale.com.br\/wp-content\/uploads\/2023\/03\/a966fe1649c11e8aaf51b2229d29d7e7-1024x513.png 1024w, https:\/\/feiradoautomoveldovale.com.br\/wp-content\/uploads\/2023\/03\/a966fe1649c11e8aaf51b2229d29d7e7-768x385.png 768w, https:\/\/feiradoautomoveldovale.com.br\/wp-content\/uploads\/2023\/03\/a966fe1649c11e8aaf51b2229d29d7e7-1536x770.png 1536w, https:\/\/feiradoautomoveldovale.com.br\/wp-content\/uploads\/2023\/03\/a966fe1649c11e8aaf51b2229d29d7e7-150x75.png 150w, https:\/\/feiradoautomoveldovale.com.br\/wp-content\/uploads\/2023\/03\/a966fe1649c11e8aaf51b2229d29d7e7-710x356.png 710w, https:\/\/feiradoautomoveldovale.com.br\/wp-content\/uploads\/2023\/03\/a966fe1649c11e8aaf51b2229d29d7e7-600x301.png 600w, https:\/\/feiradoautomoveldovale.com.br\/wp-content\/uploads\/2023\/03\/a966fe1649c11e8aaf51b2229d29d7e7.png 1920w\" sizes=\"(max-width: 300px) 100vw, 300px\" \/>\t\t\t\t\t\t\t\t<\/a>\n\t\t\t\t\t\t\t\t\t\t\t\t\t\t<\/div>\n\t\t\t\t\t\t<\/div>\n\t\t\t\t<\/div>\n\t\t\t\t\t\t<\/div>\n\t\t\t\t\t<\/div>\n\t\t<\/div>\n\t\t\t\t\t\t\t\t<\/div>\n\t\t\t\t\t<\/div>\n\t\t<\/section>\n\t\t\t\t<section class=\"has_eae_slider elementor-section elementor-top-section elementor-element elementor-element-c11854b elementor-hidden-tablet elementor-hidden-mobile elementor-section-boxed elementor-section-height-default elementor-section-height-default wpr-particle-no wpr-jarallax-no wpr-parallax-no wpr-sticky-section-no\" data-id=\"c11854b\" data-element_type=\"section\" data-settings=\"{&quot;background_background&quot;:&quot;gradient&quot;,&quot;_ha_eqh_enable&quot;:false}\">\n\t\t\t\t\t\t<div class=\"elementor-container elementor-column-gap-default\">\n\t\t\t\t\t\t\t<div class=\"elementor-row\">\n\t\t\t\t\t<div class=\"has_eae_slider elementor-column elementor-col-33 elementor-top-column elementor-element elementor-element-01d7f2a\" data-id=\"01d7f2a\" data-element_type=\"column\">\n\t\t\t<div class=\"elementor-column-wrap elementor-element-populated\">\n\t\t\t\t\t\t\t<div class=\"elementor-widget-wrap\">\n\t\t\t\t\t\t<div class=\"elementor-element elementor-element-d68c282 elementor-widget elementor-widget-image\" data-id=\"d68c282\" data-element_type=\"widget\" data-widget_type=\"image.default\">\n\t\t\t\t<div class=\"elementor-widget-container\">\n\t\t\t\t\t\t\t\t<div class=\"elementor-image\">\n\t\t\t\t\t\t\t\t\t\t\t\t\t<a href=\"https:\/\/www.terceiravisao.com\">\n\t\t\t\t\t\t\t<img loading=\"lazy\" decoding=\"async\" width=\"300\" height=\"150\" src=\"https:\/\/feiradoautomoveldovale.com.br\/wp-content\/uploads\/2023\/03\/a966fe1649c11e8aaf51b2229d29d7e7-300x150.png\" class=\"attachment-medium size-medium wp-image-8491\" alt=\"\" srcset=\"https:\/\/feiradoautomoveldovale.com.br\/wp-content\/uploads\/2023\/03\/a966fe1649c11e8aaf51b2229d29d7e7-300x150.png 300w, https:\/\/feiradoautomoveldovale.com.br\/wp-content\/uploads\/2023\/03\/a966fe1649c11e8aaf51b2229d29d7e7-1024x513.png 1024w, https:\/\/feiradoautomoveldovale.com.br\/wp-content\/uploads\/2023\/03\/a966fe1649c11e8aaf51b2229d29d7e7-768x385.png 768w, https:\/\/feiradoautomoveldovale.com.br\/wp-content\/uploads\/2023\/03\/a966fe1649c11e8aaf51b2229d29d7e7-1536x770.png 1536w, https:\/\/feiradoautomoveldovale.com.br\/wp-content\/uploads\/2023\/03\/a966fe1649c11e8aaf51b2229d29d7e7-150x75.png 150w, https:\/\/feiradoautomoveldovale.com.br\/wp-content\/uploads\/2023\/03\/a966fe1649c11e8aaf51b2229d29d7e7-710x356.png 710w, https:\/\/feiradoautomoveldovale.com.br\/wp-content\/uploads\/2023\/03\/a966fe1649c11e8aaf51b2229d29d7e7-600x301.png 600w, https:\/\/feiradoautomoveldovale.com.br\/wp-content\/uploads\/2023\/03\/a966fe1649c11e8aaf51b2229d29d7e7.png 1920w\" sizes=\"(max-width: 300px) 100vw, 300px\" \/>\t\t\t\t\t\t\t\t<\/a>\n\t\t\t\t\t\t\t\t\t\t\t\t\t\t<\/div>\n\t\t\t\t\t\t<\/div>\n\t\t\t\t<\/div>\n\t\t\t\t\t\t<\/div>\n\t\t\t\t\t<\/div>\n\t\t<\/div>\n\t\t\t\t<div class=\"has_eae_slider elementor-column elementor-col-33 elementor-top-column elementor-element elementor-element-0363c5a\" data-id=\"0363c5a\" data-element_type=\"column\">\n\t\t\t<div class=\"elementor-column-wrap elementor-element-populated\">\n\t\t\t\t\t\t\t<div class=\"elementor-widget-wrap\">\n\t\t\t\t\t\t<div class=\"elementor-element elementor-element-3e85f9d elementor-widget elementor-widget-image\" data-id=\"3e85f9d\" data-element_type=\"widget\" data-widget_type=\"image.default\">\n\t\t\t\t<div class=\"elementor-widget-container\">\n\t\t\t\t\t\t\t\t<div class=\"elementor-image\">\n\t\t\t\t\t\t\t\t\t\t\t\t<img loading=\"lazy\" decoding=\"async\" width=\"300\" height=\"93\" src=\"https:\/\/feiradoautomoveldovale.com.br\/wp-content\/uploads\/2023\/04\/logo-safy-com-autocredcar-e1680741647529-300x93.png\" class=\"attachment-medium size-medium wp-image-10214\" alt=\"\" srcset=\"https:\/\/feiradoautomoveldovale.com.br\/wp-content\/uploads\/2023\/04\/logo-safy-com-autocredcar-e1680741647529-300x93.png 300w, https:\/\/feiradoautomoveldovale.com.br\/wp-content\/uploads\/2023\/04\/logo-safy-com-autocredcar-e1680741647529-150x47.png 150w, https:\/\/feiradoautomoveldovale.com.br\/wp-content\/uploads\/2023\/04\/logo-safy-com-autocredcar-e1680741647529-600x187.png 600w, https:\/\/feiradoautomoveldovale.com.br\/wp-content\/uploads\/2023\/04\/logo-safy-com-autocredcar-e1680741647529.png 633w\" sizes=\"(max-width: 300px) 100vw, 300px\" \/>\t\t\t\t\t\t\t\t\t\t\t\t\t\t<\/div>\n\t\t\t\t\t\t<\/div>\n\t\t\t\t<\/div>\n\t\t\t\t\t\t<\/div>\n\t\t\t\t\t<\/div>\n\t\t<\/div>\n\t\t\t\t<div class=\"has_eae_slider elementor-column elementor-col-33 elementor-top-column elementor-element elementor-element-ac55772\" data-id=\"ac55772\" data-element_type=\"column\">\n\t\t\t<div class=\"elementor-column-wrap elementor-element-populated\">\n\t\t\t\t\t\t\t<div class=\"elementor-widget-wrap\">\n\t\t\t\t\t\t<div class=\"elementor-element elementor-element-613befe elementor-widget elementor-widget-image\" data-id=\"613befe\" data-element_type=\"widget\" data-widget_type=\"image.default\">\n\t\t\t\t<div class=\"elementor-widget-container\">\n\t\t\t\t\t\t\t\t<div class=\"elementor-image\">\n\t\t\t\t\t\t\t\t\t\t\t\t<img loading=\"lazy\" decoding=\"async\" width=\"300\" height=\"107\" src=\"https:\/\/feiradoautomoveldovale.com.br\/wp-content\/uploads\/2023\/04\/logo-safy-com-autocredcar-1-e1680741715487-300x107.png\" class=\"attachment-medium size-medium wp-image-10215\" alt=\"\" srcset=\"https:\/\/feiradoautomoveldovale.com.br\/wp-content\/uploads\/2023\/04\/logo-safy-com-autocredcar-1-e1680741715487-300x107.png 300w, https:\/\/feiradoautomoveldovale.com.br\/wp-content\/uploads\/2023\/04\/logo-safy-com-autocredcar-1-e1680741715487-1024x366.png 1024w, https:\/\/feiradoautomoveldovale.com.br\/wp-content\/uploads\/2023\/04\/logo-safy-com-autocredcar-1-e1680741715487-768x275.png 768w, https:\/\/feiradoautomoveldovale.com.br\/wp-content\/uploads\/2023\/04\/logo-safy-com-autocredcar-1-e1680741715487-1536x549.png 1536w, https:\/\/feiradoautomoveldovale.com.br\/wp-content\/uploads\/2023\/04\/logo-safy-com-autocredcar-1-e1680741715487-150x54.png 150w, https:\/\/feiradoautomoveldovale.com.br\/wp-content\/uploads\/2023\/04\/logo-safy-com-autocredcar-1-e1680741715487-710x254.png 710w, https:\/\/feiradoautomoveldovale.com.br\/wp-content\/uploads\/2023\/04\/logo-safy-com-autocredcar-1-e1680741715487-600x215.png 600w, https:\/\/feiradoautomoveldovale.com.br\/wp-content\/uploads\/2023\/04\/logo-safy-com-autocredcar-1-e1680741715487.png 2027w\" sizes=\"(max-width: 300px) 100vw, 300px\" \/>\t\t\t\t\t\t\t\t\t\t\t\t\t\t<\/div>\n\t\t\t\t\t\t<\/div>\n\t\t\t\t<\/div>\n\t\t\t\t\t\t<\/div>\n\t\t\t\t\t<\/div>\n\t\t<\/div>\n\t\t\t\t\t\t\t\t<\/div>\n\t\t\t\t\t<\/div>\n\t\t<\/section>\n\t\t\t\t<section class=\"has_eae_slider elementor-section elementor-top-section elementor-element elementor-element-bcb62e0 elementor-section-boxed elementor-section-height-default elementor-section-height-default wpr-particle-no wpr-jarallax-no wpr-parallax-no wpr-sticky-section-no\" data-id=\"bcb62e0\" data-element_type=\"section\" data-settings=\"{&quot;background_background&quot;:&quot;gradient&quot;,&quot;_ha_eqh_enable&quot;:false}\">\n\t\t\t\t\t\t<div class=\"elementor-container elementor-column-gap-default\">\n\t\t\t\t\t\t\t<div class=\"elementor-row\">\n\t\t\t\t\t<div class=\"has_eae_slider elementor-column elementor-col-100 elementor-top-column elementor-element elementor-element-e21873b\" data-id=\"e21873b\" data-element_type=\"column\">\n\t\t\t<div class=\"elementor-column-wrap elementor-element-populated\">\n\t\t\t\t\t\t\t<div class=\"elementor-widget-wrap\">\n\t\t\t\t\t\t<div class=\"elementor-element elementor-element-a202dff elementor-widget elementor-widget-image\" data-id=\"a202dff\" data-element_type=\"widget\" data-widget_type=\"image.default\">\n\t\t\t\t<div class=\"elementor-widget-container\">\n\t\t\t\t\t\t\t\t<div class=\"elementor-image\">\n\t\t\t\t\t\t\t\t\t\t\t\t<img loading=\"lazy\" decoding=\"async\" width=\"768\" height=\"148\" src=\"https:\/\/feiradoautomoveldovale.com.br\/wp-content\/uploads\/2020\/12\/banner-png-lenito-home3.png\" class=\"attachment-medium_large size-medium_large wp-image-3811\" alt=\"\" \/>\t\t\t\t\t\t\t\t\t\t\t\t\t\t<\/div>\n\t\t\t\t\t\t<\/div>\n\t\t\t\t<\/div>\n\t\t\t\t\t\t<\/div>\n\t\t\t\t\t<\/div>\n\t\t<\/div>\n\t\t\t\t\t\t\t\t<\/div>\n\t\t\t\t\t<\/div>\n\t\t<\/section>\n\t\t\t\t<section class=\"has_eae_slider elementor-section elementor-top-section elementor-element elementor-element-dcc7712 elementor-section-boxed elementor-section-height-default elementor-section-height-default wpr-particle-no wpr-jarallax-no wpr-parallax-no wpr-sticky-section-no\" data-id=\"dcc7712\" data-element_type=\"section\" data-settings=\"{&quot;_ha_eqh_enable&quot;:false}\">\n\t\t\t\t\t\t<div class=\"elementor-container elementor-column-gap-default\">\n\t\t\t\t\t\t\t<div class=\"elementor-row\">\n\t\t\t\t\t<div class=\"has_eae_slider elementor-column elementor-col-100 elementor-top-column elementor-element elementor-element-c1148be\" data-id=\"c1148be\" data-element_type=\"column\">\n\t\t\t<div class=\"elementor-column-wrap\">\n\t\t\t\t\t\t\t<div class=\"elementor-widget-wrap\">\n\t\t\t\t\t\t\t\t<\/div>\n\t\t\t\t\t<\/div>\n\t\t<\/div>\n\t\t\t\t\t\t\t\t<\/div>\n\t\t\t\t\t<\/div>\n\t\t<\/section>\n\t\t\t\t<section class=\"has_eae_slider elementor-section elementor-top-section elementor-element elementor-element-a1082a8 elementor-section-boxed elementor-section-height-default elementor-section-height-default wpr-particle-no wpr-jarallax-no wpr-parallax-no wpr-sticky-section-no\" data-id=\"a1082a8\" data-element_type=\"section\" data-settings=\"{&quot;_ha_eqh_enable&quot;:false}\">\n\t\t\t\t\t\t<div class=\"elementor-container elementor-column-gap-no\">\n\t\t\t\t\t\t\t<div class=\"elementor-row\">\n\t\t\t\t\t<div class=\"has_eae_slider elementor-column elementor-col-100 elementor-top-column elementor-element elementor-element-29809e8\" data-id=\"29809e8\" data-element_type=\"column\">\n\t\t\t<div class=\"elementor-column-wrap elementor-element-populated\">\n\t\t\t\t\t\t\t<div class=\"elementor-widget-wrap\">\n\t\t\t\t\t\t<div class=\"elementor-element elementor-element-db0ce97 elementor-headline--style-highlight elementor-widget elementor-widget-animated-headline\" data-id=\"db0ce97\" data-element_type=\"widget\" data-settings=\"{&quot;highlighted_text&quot;:&quot;Antes e Depois&quot;,&quot;headline_style&quot;:&quot;highlight&quot;,&quot;marker&quot;:&quot;circle&quot;,&quot;loop&quot;:&quot;yes&quot;,&quot;highlight_animation_duration&quot;:1200,&quot;highlight_iteration_delay&quot;:8000}\" data-widget_type=\"animated-headline.default\">\n\t\t\t\t<div class=\"elementor-widget-container\">\n\t\t\t\t\t<h3 class=\"elementor-headline\">\n\t\t\t\t\t<span class=\"elementor-headline-plain-text elementor-headline-text-wrapper\">Veja o<\/span>\n\t\t\t\t<span class=\"elementor-headline-dynamic-wrapper elementor-headline-text-wrapper\">\n\t\t\t\t\t<span class=\"elementor-headline-dynamic-text elementor-headline-text-active\">Antes e Depois<\/span>\n\t\t\t\t<\/span>\n\t\t\t\t\t<span class=\"elementor-headline-plain-text elementor-headline-text-wrapper\">da Inspe\u00e7\u00e3o<\/span>\n\t\t\t\t\t<\/h3>\n\t\t\t\t<\/div>\n\t\t\t\t<\/div>\n\t\t\t\t<div class=\"elementor-element elementor-element-3e17649 elementor-widget elementor-widget-text-editor\" data-id=\"3e17649\" data-element_type=\"widget\" data-widget_type=\"text-editor.default\">\n\t\t\t\t<div class=\"elementor-widget-container\">\n\t\t\t\t\t\t\t\t<div class=\"elementor-text-editor elementor-clearfix\">\n\t\t\t\t<p style=\"text-align: center;\">Arraste o mouse no antes e depois e veja o resultado da inspe\u00e7\u00e3o\u00a0<\/p>\t\t\t\t\t<\/div>\n\t\t\t\t\t\t<\/div>\n\t\t\t\t<\/div>\n\t\t\t\t<div class=\"elementor-element elementor-element-971a7c3 elementor-widget elementor-widget-image\" data-id=\"971a7c3\" data-element_type=\"widget\" data-widget_type=\"image.default\">\n\t\t\t\t<div class=\"elementor-widget-container\">\n\t\t\t\t\t\t\t\t<div class=\"elementor-image\">\n\t\t\t\t\t\t\t\t\t\t\t\t<img loading=\"lazy\" decoding=\"async\" width=\"820\" height=\"312\" src=\"https:\/\/feiradoautomoveldovale.com.br\/wp-content\/uploads\/2023\/04\/sabertudo.png\" class=\"attachment-full size-full wp-image-10608\" alt=\"\" srcset=\"https:\/\/feiradoautomoveldovale.com.br\/wp-content\/uploads\/2023\/04\/sabertudo.png 820w, https:\/\/feiradoautomoveldovale.com.br\/wp-content\/uploads\/2023\/04\/sabertudo-300x114.png 300w, https:\/\/feiradoautomoveldovale.com.br\/wp-content\/uploads\/2023\/04\/sabertudo-768x292.png 768w, https:\/\/feiradoautomoveldovale.com.br\/wp-content\/uploads\/2023\/04\/sabertudo-150x57.png 150w, https:\/\/feiradoautomoveldovale.com.br\/wp-content\/uploads\/2023\/04\/sabertudo-710x270.png 710w, https:\/\/feiradoautomoveldovale.com.br\/wp-content\/uploads\/2023\/04\/sabertudo-600x228.png 600w\" sizes=\"(max-width: 820px) 100vw, 820px\" \/>\t\t\t\t\t\t\t\t\t\t\t\t\t\t<\/div>\n\t\t\t\t\t\t<\/div>\n\t\t\t\t<\/div>\n\t\t\t\t\t\t<\/div>\n\t\t\t\t\t<\/div>\n\t\t<\/div>\n\t\t\t\t\t\t\t\t<\/div>\n\t\t\t\t\t<\/div>\n\t\t<\/section>\n\t\t\t\t<section class=\"has_eae_slider elementor-section elementor-top-section elementor-element elementor-element-4aef1d9 elementor-section-boxed elementor-section-height-default elementor-section-height-default wpr-particle-no wpr-jarallax-no wpr-parallax-no wpr-sticky-section-no\" data-id=\"4aef1d9\" data-element_type=\"section\" data-settings=\"{&quot;_ha_eqh_enable&quot;:false}\">\n\t\t\t\t\t\t<div class=\"elementor-container elementor-column-gap-default\">\n\t\t\t\t\t\t\t<div class=\"elementor-row\">\n\t\t\t\t\t<div class=\"has_eae_slider elementor-column elementor-col-100 elementor-top-column elementor-element elementor-element-3bb3c68\" data-id=\"3bb3c68\" data-element_type=\"column\">\n\t\t\t<div class=\"elementor-column-wrap elementor-element-populated\">\n\t\t\t\t\t\t\t<div class=\"elementor-widget-wrap\">\n\t\t\t\t\t\t<div class=\"elementor-element elementor-element-213bc4a elementor-widget elementor-widget-image\" data-id=\"213bc4a\" data-element_type=\"widget\" data-widget_type=\"image.default\">\n\t\t\t\t<div class=\"elementor-widget-container\">\n\t\t\t\t\t\t\t\t<div class=\"elementor-image\">\n\t\t\t\t\t\t\t\t\t\t\t\t<img loading=\"lazy\" decoding=\"async\" width=\"300\" height=\"114\" src=\"https:\/\/feiradoautomoveldovale.com.br\/wp-content\/uploads\/2023\/04\/2-3-300x114.png\" class=\"attachment-medium size-medium wp-image-10597\" alt=\"\" srcset=\"https:\/\/feiradoautomoveldovale.com.br\/wp-content\/uploads\/2023\/04\/2-3-300x114.png 300w, https:\/\/feiradoautomoveldovale.com.br\/wp-content\/uploads\/2023\/04\/2-3-768x292.png 768w, https:\/\/feiradoautomoveldovale.com.br\/wp-content\/uploads\/2023\/04\/2-3-150x57.png 150w, https:\/\/feiradoautomoveldovale.com.br\/wp-content\/uploads\/2023\/04\/2-3-710x270.png 710w, https:\/\/feiradoautomoveldovale.com.br\/wp-content\/uploads\/2023\/04\/2-3-600x228.png 600w, https:\/\/feiradoautomoveldovale.com.br\/wp-content\/uploads\/2023\/04\/2-3.png 820w\" sizes=\"(max-width: 300px) 100vw, 300px\" \/>\t\t\t\t\t\t\t\t\t\t\t\t\t\t<\/div>\n\t\t\t\t\t\t<\/div>\n\t\t\t\t<\/div>\n\t\t\t\t<div class=\"elementor-element elementor-element-de09798 elementor-widget elementor-widget-ha-image-compare happy-addon ha-image-compare\" data-id=\"de09798\" data-element_type=\"widget\" data-widget_type=\"ha-image-compare.default\">\n\t\t\t\t<div class=\"elementor-widget-container\">\n\t\t\t        <div class=\"twentytwenty-container hajs-image-comparison\" data-happy-settings=\"{&quot;default_offset_pct&quot;:0.9,&quot;orientation&quot;:&quot;horizontal&quot;,&quot;no_overlay&quot;:false,&quot;move_handle&quot;:&quot;on_hover&quot;,&quot;before_label&quot;:&quot;Antes da Inspe\\u00e7\\u00e3o&quot;,&quot;after_label&quot;:&quot;Depois da Inspe\\u00e7\\u00e3o&quot;}\">\n            <img loading=\"lazy\" decoding=\"async\" width=\"1080\" height=\"608\" src=\"https:\/\/feiradoautomoveldovale.com.br\/wp-content\/uploads\/2023\/04\/carrobom-e1681348670705.png\" class=\"elementor-animation-disable-animation attachment-full size-full wp-image-10589\" alt=\"\" srcset=\"https:\/\/feiradoautomoveldovale.com.br\/wp-content\/uploads\/2023\/04\/carrobom-e1681348670705.png 1080w, https:\/\/feiradoautomoveldovale.com.br\/wp-content\/uploads\/2023\/04\/carrobom-e1681348670705-300x169.png 300w, https:\/\/feiradoautomoveldovale.com.br\/wp-content\/uploads\/2023\/04\/carrobom-e1681348670705-1024x576.png 1024w, https:\/\/feiradoautomoveldovale.com.br\/wp-content\/uploads\/2023\/04\/carrobom-e1681348670705-768x432.png 768w, https:\/\/feiradoautomoveldovale.com.br\/wp-content\/uploads\/2023\/04\/carrobom-e1681348670705-150x84.png 150w, https:\/\/feiradoautomoveldovale.com.br\/wp-content\/uploads\/2023\/04\/carrobom-e1681348670705-710x400.png 710w, https:\/\/feiradoautomoveldovale.com.br\/wp-content\/uploads\/2023\/04\/carrobom-e1681348670705-600x338.png 600w\" sizes=\"(max-width: 1080px) 100vw, 1080px\" \/><img loading=\"lazy\" decoding=\"async\" width=\"1080\" height=\"608\" src=\"https:\/\/feiradoautomoveldovale.com.br\/wp-content\/uploads\/2023\/04\/batido-e1681348653145.png\" class=\"elementor-animation-disable-animation attachment-full size-full wp-image-10588\" alt=\"\" srcset=\"https:\/\/feiradoautomoveldovale.com.br\/wp-content\/uploads\/2023\/04\/batido-e1681348653145.png 1080w, https:\/\/feiradoautomoveldovale.com.br\/wp-content\/uploads\/2023\/04\/batido-e1681348653145-300x169.png 300w, https:\/\/feiradoautomoveldovale.com.br\/wp-content\/uploads\/2023\/04\/batido-e1681348653145-1024x576.png 1024w, https:\/\/feiradoautomoveldovale.com.br\/wp-content\/uploads\/2023\/04\/batido-e1681348653145-768x432.png 768w, https:\/\/feiradoautomoveldovale.com.br\/wp-content\/uploads\/2023\/04\/batido-e1681348653145-150x84.png 150w, https:\/\/feiradoautomoveldovale.com.br\/wp-content\/uploads\/2023\/04\/batido-e1681348653145-710x400.png 710w, https:\/\/feiradoautomoveldovale.com.br\/wp-content\/uploads\/2023\/04\/batido-e1681348653145-600x338.png 600w\" sizes=\"(max-width: 1080px) 100vw, 1080px\" \/>        <\/div>\n        \t\t<\/div>\n\t\t\t\t<\/div>\n\t\t\t\t<div class=\"elementor-element elementor-element-3b09dd8 elementor-widget elementor-widget-image\" data-id=\"3b09dd8\" data-element_type=\"widget\" data-widget_type=\"image.default\">\n\t\t\t\t<div class=\"elementor-widget-container\">\n\t\t\t\t\t\t\t\t<div class=\"elementor-image\">\n\t\t\t\t\t\t\t\t\t\t\t\t<img loading=\"lazy\" decoding=\"async\" width=\"300\" height=\"114\" src=\"https:\/\/feiradoautomoveldovale.com.br\/wp-content\/uploads\/2023\/04\/3-2-300x114.png\" class=\"attachment-medium size-medium wp-image-10595\" alt=\"\" srcset=\"https:\/\/feiradoautomoveldovale.com.br\/wp-content\/uploads\/2023\/04\/3-2-300x114.png 300w, https:\/\/feiradoautomoveldovale.com.br\/wp-content\/uploads\/2023\/04\/3-2-768x292.png 768w, https:\/\/feiradoautomoveldovale.com.br\/wp-content\/uploads\/2023\/04\/3-2-150x57.png 150w, https:\/\/feiradoautomoveldovale.com.br\/wp-content\/uploads\/2023\/04\/3-2-710x270.png 710w, https:\/\/feiradoautomoveldovale.com.br\/wp-content\/uploads\/2023\/04\/3-2-600x228.png 600w, https:\/\/feiradoautomoveldovale.com.br\/wp-content\/uploads\/2023\/04\/3-2.png 820w\" sizes=\"(max-width: 300px) 100vw, 300px\" \/>\t\t\t\t\t\t\t\t\t\t\t\t\t\t<\/div>\n\t\t\t\t\t\t<\/div>\n\t\t\t\t<\/div>\n\t\t\t\t\t\t<\/div>\n\t\t\t\t\t<\/div>\n\t\t<\/div>\n\t\t\t\t\t\t\t\t<\/div>\n\t\t\t\t\t<\/div>\n\t\t<\/section>\n\t\t\t\t<section class=\"has_eae_slider elementor-section elementor-top-section elementor-element elementor-element-8d1fc34 elementor-section-boxed elementor-section-height-default elementor-section-height-default wpr-particle-no wpr-jarallax-no wpr-parallax-no wpr-sticky-section-no\" data-id=\"8d1fc34\" data-element_type=\"section\" data-settings=\"{&quot;_ha_eqh_enable&quot;:false}\">\n\t\t\t\t\t\t<div class=\"elementor-container elementor-column-gap-default\">\n\t\t\t\t\t\t\t<div class=\"elementor-row\">\n\t\t\t\t\t<div class=\"has_eae_slider elementor-column elementor-col-100 elementor-top-column elementor-element elementor-element-ee83f15\" data-id=\"ee83f15\" data-element_type=\"column\">\n\t\t\t<div class=\"elementor-column-wrap elementor-element-populated\">\n\t\t\t\t\t\t\t<div class=\"elementor-widget-wrap\">\n\t\t\t\t\t\t<div class=\"elementor-element elementor-element-6e659ab elementor-widget elementor-widget-image\" data-id=\"6e659ab\" data-element_type=\"widget\" data-widget_type=\"image.default\">\n\t\t\t\t<div class=\"elementor-widget-container\">\n\t\t\t\t\t\t\t\t<div class=\"elementor-image\">\n\t\t\t\t\t\t\t\t\t\t\t\t<img loading=\"lazy\" decoding=\"async\" width=\"520\" height=\"159\" src=\"https:\/\/feiradoautomoveldovale.com.br\/wp-content\/uploads\/2023\/04\/2-4-e1681199425425.png\" class=\"attachment-large size-large wp-image-10605\" alt=\"\" srcset=\"https:\/\/feiradoautomoveldovale.com.br\/wp-content\/uploads\/2023\/04\/2-4-e1681199425425.png 520w, https:\/\/feiradoautomoveldovale.com.br\/wp-content\/uploads\/2023\/04\/2-4-e1681199425425-300x92.png 300w, https:\/\/feiradoautomoveldovale.com.br\/wp-content\/uploads\/2023\/04\/2-4-e1681199425425-150x46.png 150w\" sizes=\"(max-width: 520px) 100vw, 520px\" \/>\t\t\t\t\t\t\t\t\t\t\t\t\t\t<\/div>\n\t\t\t\t\t\t<\/div>\n\t\t\t\t<\/div>\n\t\t\t\t\t\t<\/div>\n\t\t\t\t\t<\/div>\n\t\t<\/div>\n\t\t\t\t\t\t\t\t<\/div>\n\t\t\t\t\t<\/div>\n\t\t<\/section>\n\t\t\t\t<section class=\"has_eae_slider elementor-section elementor-top-section elementor-element elementor-element-2deb4a0 elementor-section-content-middle elementor-section-boxed elementor-section-height-default elementor-section-height-default wpr-particle-no wpr-jarallax-no wpr-parallax-no wpr-sticky-section-no\" data-id=\"2deb4a0\" data-element_type=\"section\" data-settings=\"{&quot;_ha_eqh_enable&quot;:false}\">\n\t\t\t\t\t\t<div class=\"elementor-container elementor-column-gap-default\">\n\t\t\t\t\t\t\t<div class=\"elementor-row\">\n\t\t\t\t\t<div class=\"has_eae_slider elementor-column elementor-col-100 elementor-top-column elementor-element elementor-element-007a56a\" data-id=\"007a56a\" data-element_type=\"column\">\n\t\t\t<div class=\"elementor-column-wrap elementor-element-populated\">\n\t\t\t\t\t\t\t<div class=\"elementor-widget-wrap\">\n\t\t\t\t\t\t<div class=\"elementor-element elementor-element-a7a1a71 elementor-widget elementor-widget-heading\" data-id=\"a7a1a71\" data-element_type=\"widget\" data-widget_type=\"heading.default\">\n\t\t\t\t<div class=\"elementor-widget-container\">\n\t\t\t<style>\/*! elementor - v3.14.0 - 18-06-2023 *\/\n.elementor-heading-title{padding:0;margin:0;line-height:1}.elementor-widget-heading .elementor-heading-title[class*=elementor-size-]>a{color:inherit;font-size:inherit;line-height:inherit}.elementor-widget-heading .elementor-heading-title.elementor-size-small{font-size:15px}.elementor-widget-heading .elementor-heading-title.elementor-size-medium{font-size:19px}.elementor-widget-heading .elementor-heading-title.elementor-size-large{font-size:29px}.elementor-widget-heading .elementor-heading-title.elementor-size-xl{font-size:39px}.elementor-widget-heading .elementor-heading-title.elementor-size-xxl{font-size:59px}<\/style><h4 class=\"elementor-heading-title elementor-size-default\">Se preferir Chame pelo Whatsapp<\/h4>\t\t<\/div>\n\t\t\t\t<\/div>\n\t\t\t\t\t\t<\/div>\n\t\t\t\t\t<\/div>\n\t\t<\/div>\n\t\t\t\t\t\t\t\t<\/div>\n\t\t\t\t\t<\/div>\n\t\t<\/section>\n\t\t\t\t<section class=\"has_eae_slider elementor-section elementor-top-section elementor-element elementor-element-87798e3 elementor-section-boxed elementor-section-height-default elementor-section-height-default wpr-particle-no wpr-jarallax-no wpr-parallax-no wpr-sticky-section-no\" data-id=\"87798e3\" data-element_type=\"section\" data-settings=\"{&quot;_ha_eqh_enable&quot;:false}\">\n\t\t\t\t\t\t<div class=\"elementor-container elementor-column-gap-default\">\n\t\t\t\t\t\t\t<div class=\"elementor-row\">\n\t\t\t\t\t<div class=\"has_eae_slider elementor-column elementor-col-50 elementor-top-column elementor-element elementor-element-aca0397\" data-id=\"aca0397\" data-element_type=\"column\">\n\t\t\t<div class=\"elementor-column-wrap elementor-element-populated\">\n\t\t\t\t\t\t\t<div class=\"elementor-widget-wrap\">\n\t\t\t\t\t\t<div class=\"elementor-element elementor-element-057dd62 elementor-widget__width-inherit elementor-widget-mobile__width-auto elementor-widget elementor-widget-shortcode\" data-id=\"057dd62\" data-element_type=\"widget\" data-widget_type=\"shortcode.default\">\n\t\t\t\t<div class=\"elementor-widget-container\">\n\t\t\t\t\t<div class=\"elementor-shortcode\">[wa-order]<\/div>\n\t\t\t\t<\/div>\n\t\t\t\t<\/div>\n\t\t\t\t\t\t<\/div>\n\t\t\t\t\t<\/div>\n\t\t<\/div>\n\t\t\t\t<div class=\"has_eae_slider elementor-column elementor-col-50 elementor-top-column elementor-element elementor-element-7dacffd\" data-id=\"7dacffd\" data-element_type=\"column\">\n\t\t\t<div class=\"elementor-column-wrap\">\n\t\t\t\t\t\t\t<div class=\"elementor-widget-wrap\">\n\t\t\t\t\t\t\t\t<\/div>\n\t\t\t\t\t<\/div>\n\t\t<\/div>\n\t\t\t\t\t\t\t\t<\/div>\n\t\t\t\t\t<\/div>\n\t\t<\/section>\n\t\t\t\t\t\t\t\t\t<\/div>\n\t\t\t<\/div>\n\t\t\t\t\t<\/div>\n\t\t","protected":false},"excerpt":{"rendered":"<p>Devo Fazer Inspe\u00e7\u00e3o de Venda ? de mais confian\u00e7a e seguran\u00e7a ao comprador\u00a0 Porque Fazer Inspe\u00e7\u00e3o Na hora de comprar o seu carro \u00e9 preciso saber sua total proced\u00eancia. Devo Fazer Inspe\u00e7\u00e3ona venda ? Sim na hora de vender voce deve fazer vistoria para se garantir de poss\u00edveis fraudes. Devo fazer Inspe\u00e7\u00e3o na hora da [&hellip;]<\/p>\n","protected":false},"author":1,"featured_media":0,"parent":0,"menu_order":0,"comment_status":"closed","ping_status":"closed","template":"","meta":{"om_disable_all_campaigns":false,"_mi_skip_tracking":false,"footnotes":""},"aioseo_notices":[],"_links":{"self":[{"href":"https:\/\/feiradoautomoveldovale.com.br\/index.php?rest_route=\/wp\/v2\/pages\/10210"}],"collection":[{"href":"https:\/\/feiradoautomoveldovale.com.br\/index.php?rest_route=\/wp\/v2\/pages"}],"about":[{"href":"https:\/\/feiradoautomoveldovale.com.br\/index.php?rest_route=\/wp\/v2\/types\/page"}],"author":[{"embeddable":true,"href":"https:\/\/feiradoautomoveldovale.com.br\/index.php?rest_route=\/wp\/v2\/users\/1"}],"replies":[{"embeddable":true,"href":"https:\/\/feiradoautomoveldovale.com.br\/index.php?rest_route=%2Fwp%2Fv2%2Fcomments&post=10210"}],"version-history":[{"count":1,"href":"https:\/\/feiradoautomoveldovale.com.br\/index.php?rest_route=\/wp\/v2\/pages\/10210\/revisions"}],"predecessor-version":[{"id":11249,"href":"https:\/\/feiradoautomoveldovale.com.br\/index.php?rest_route=\/wp\/v2\/pages\/10210\/revisions\/11249"}],"wp:attachment":[{"href":"https:\/\/feiradoautomoveldovale.com.br\/index.php?rest_route=%2Fwp%2Fv2%2Fmedia&parent=10210"}],"curies":[{"name":"wp","href":"https:\/\/api.w.org\/{rel}","templated":true}]}}